{"id":53409,"date":"2022-06-09T16:33:37","date_gmt":"2022-06-09T14:33:37","guid":{"rendered":"https:\/\/www.graphistudio.com\/accademia-ceconi-2\/castle-ceconi\/"},"modified":"2023-09-19T09:50:53","modified_gmt":"2023-09-19T07:50:53","slug":"castle-ceconi","status":"publish","type":"page","link":"https:\/\/www.graphistudio.com\/fr\/accademia-ceconi\/castle-ceconi\/","title":{"rendered":"Ch\u00e2teau Ceconi"},"content":{"rendered":"<div class=\"wpb-content-wrapper\"><p>[vc_row type=\u00a0\u00bbfull_width_section\u00a0\u00bb top_padding=\u00a0\u00bb40&Prime; bottom_padding=\u00a0\u00bb40&Prime;][vc_column width=\u00a0\u00bb1\/3&Prime;][\/vc_column][vc_column column_center=\u00a0\u00bbtrue\u00a0\u00bb width=\u00a0\u00bb1\/3&Prime;]<div class=\"single_image wpb_content_element align-center    \" data-animation=\"none\" data-delay=\"0\"><a href=\"http:\/\/www.graphistudio.com\/castle-ceconi\" target=\"_blank\"><img loading=\"lazy\" decoding=\"async\" width=\"1017\" height=\"105\" src=\"https:\/\/www.graphistudio.com\/wp-content\/uploads\/2022\/03\/logo-castello.png\" class=\"attachment-large\" alt=\"\" title=\"logo castello\" srcset=\"https:\/\/www.graphistudio.com\/wp-content\/uploads\/2022\/03\/logo-castello.png 1017w, https:\/\/www.graphistudio.com\/wp-content\/uploads\/2022\/03\/logo-castello-300x31.png 300w, https:\/\/www.graphistudio.com\/wp-content\/uploads\/2022\/03\/logo-castello-768x79.png 768w\" sizes=\"auto, (max-width: 1017px) 100vw, 1017px\" \/><\/a><\/div>[\/vc_column][vc_column column_center=\u00a0\u00bbtrue\u00a0\u00bb width=\u00a0\u00bb1\/3&Prime;][\/vc_column][\/vc_row][vc_row bg_image=\u00a0\u00bb52173&Prime; full_height=\u00a0\u00bbtrue\u00a0\u00bb][vc_column animation=\u00a0\u00bbfade-in\u00a0\u00bb width=\u00a0\u00bb1\/1&Prime;][\/vc_column][\/vc_row][vc_row top_padding=\u00a0\u00bb40&Prime; bottom_padding=\u00a0\u00bb40&Prime; class=\u00a0\u00bbceconi_box\u00a0\u00bb][vc_column el_class=\u00a0\u00bbceconi_box\u00a0\u00bb bg_color=\u00a0\u00bb#707365&Prime; column_padding=\u00a0\u00bbcustom-padding\u00a0\u00bb column_custompadding=\u00a0\u00bb200px 0px 200px 0px\u00a0\u00bb width=\u00a0\u00bb1\/3&Prime;][vc_column_text]<\/p>\n<p class=\"ceconi_White_NG_title\" style=\"text-align: center;\">ACCADEMIA<br \/>\nCECONI<\/p>\n<p>&nbsp;<\/p>\n<p class=\"ceconi_White_NG\" style=\"text-align: center;\">GRAPHISTUDIO \u00c9DUCATION<\/p>\n<p class=\"ceconi_White_NG\" style=\"text-align: center;\">\u00a0\u00bb Une maison pour tous les photographes\u00a0\u00bb<\/p>\n<p>[\/vc_column_text][\/vc_column][vc_column el_class=\u00a0\u00bbceconi_box\u00a0\u00bb bg_color=\u00a0\u00bb#707365&Prime; column_center=\u00a0\u00bbtrue\u00a0\u00bb width=\u00a0\u00bb1\/3&Prime;][vc_column_text]<\/p>\n<p class=\"ceconi_White_NG_title\" style=\"text-align: center;\">RETRAITS<br \/>\n&amp; ATELIERS<\/p>\n<p>&nbsp;<\/p>\n<p class=\"ceconi_White_NG\" style=\"text-align: center;\">Vous pr\u00e9parez une retraite ou un atelier ? Rencontrez-nous dans ce sanctuaire de paix et de gr\u00e2ce.<\/p>\n<p>[\/vc_column_text][\/vc_column][vc_column el_class=\u00a0\u00bbceconi_box\u00a0\u00bb bg_color=\u00a0\u00bb#707365&Prime; column_center=\u00a0\u00bbtrue\u00a0\u00bb width=\u00a0\u00bb1\/3&Prime;][vc_column_text]<\/p>\n<p class=\"ceconi_White_NG_title\" style=\"text-align: center;\">\u00c9V\u00c9NEMENTS PRIV\u00c9S<br \/>\n&amp; R\u00c9SIDENCE D&rsquo;ARTISTES<\/p>\n<p>&nbsp;<\/p>\n<p class=\"ceconi_White_NG\" style=\"text-align: center;\">Le ch\u00e2teau Ceconi rend vos \u00e9v\u00e9nements uniques et sp\u00e9ciaux, entour\u00e9 d&rsquo;un paysage naturel d&rsquo;une beaut\u00e9 extraordinaire.<\/p>\n<p>[\/vc_column_text][\/vc_column][\/vc_row][vc_row type=\u00a0\u00bbfull_width_section\u00a0\u00bb][vc_column bg_color=\u00a0\u00bb#f4f5f0&Prime; width=\u00a0\u00bb1\/2&Prime;]<div class=\"single_image wpb_content_element align-center    ceconi_IMG_border\" data-animation=\"none\" data-delay=\"0\"><img loading=\"lazy\" decoding=\"async\" width=\"1200\" height=\"800\" src=\"https:\/\/www.graphistudio.com\/wp-content\/uploads\/2022\/03\/Ceconi-castle-Mauricio-Alice-scaled-1.jpg\" class=\"attachment-full\" alt=\"\" title=\"Ceconi-castle-Mauricio-Alice-scaled\" srcset=\"https:\/\/www.graphistudio.com\/wp-content\/uploads\/2022\/03\/Ceconi-castle-Mauricio-Alice-scaled-1.jpg 1200w, https:\/\/www.graphistudio.com\/wp-content\/uploads\/2022\/03\/Ceconi-castle-Mauricio-Alice-scaled-1-300x200.jpg 300w, https:\/\/www.graphistudio.com\/wp-content\/uploads\/2022\/03\/Ceconi-castle-Mauricio-Alice-scaled-1-768x512.jpg 768w, https:\/\/www.graphistudio.com\/wp-content\/uploads\/2022\/03\/Ceconi-castle-Mauricio-Alice-scaled-1-600x400.jpg 600w\" sizes=\"auto, (max-width: 1200px) 100vw, 1200px\" \/><\/div>[\/vc_column][vc_column column_padding=\u00a0\u00bbpadding-4&Prime; column_center=\u00a0\u00bbtrue\u00a0\u00bb width=\u00a0\u00bb1\/2&Prime;][vc_column_text el_class=\u00a0\u00bbceconi_TEXT_NG\u00a0\u00bb]<\/p>\n<p style=\"text-align: center;\">UN SANCTUAIRE DE PAIX FAIT POUR PARTAGER DES CONNAISSANCES, DES EXP\u00c9RIENCES ET DES MOMENTS.<\/p>\n<p style=\"text-align: center;\"><a href=\"mailto:info@graphistudio.com\"><u>CONTACTEZ-NOUS<\/u><\/a> POUR PARTICIPER AUX \u00c9V\u00c9NEMENTS \u00c0 VENIR OU POUR ORGANISER LE V\u00d4TRE !<\/p>\n<p>[\/vc_column_text]<div class=\"newdivider align-center\" style=\"border-bottom-style: solid; border-color: #999999; border-bottom-width: 1px; margin-top: 40px; margin-bottom: 40px; width: 100%; \"><\/div><div class=\"clear\"><\/div>[vc_column_text]<\/p>\n<h2 style=\"text-align: left;\">\u00c9V\u00c9NEMENTS \u00c0 VENIR EN COLLABORATION AVEC<\/h2>\n<h4 style=\"letter-spacing: 3px; text-align: left;\">FEARLESS PHOTOGRAPHERS<\/h4>\n<h2 style=\"text-align: left;\">PROCHAINEMENT<\/h2>\n<p>&nbsp;<\/p>\n<h4 style=\"letter-spacing: 3px; text-align: left;\">RANGEFINDER<\/h4>\n<h2 style=\"text-align: left;\">PROCHAINEMENT<\/h2>\n<p>&nbsp;<\/p>\n<h4 style=\"letter-spacing: 3px; text-align: left;\">WORD PHOTOGRAPHY CUP<\/h4>\n<h2 style=\"text-align: left;\">PROCHAINEMENT<\/h2>\n<p>&nbsp;<\/p>\n<h4 style=\"letter-spacing: 3px; text-align: left;\">IMAGEN AI<\/h4>\n<h2 style=\"text-align: left;\">PROCHAINEMENT<\/h2>\n<p>[\/vc_column_text][\/vc_column][\/vc_row][vc_row type=\u00a0\u00bbfull_width_section\u00a0\u00bb top_padding=\u00a0\u00bb40&Prime; bottom_padding=\u00a0\u00bb40&Prime;][vc_column text_align=\u00a0\u00bbcenter\u00a0\u00bb width=\u00a0\u00bb1\/1&Prime;][vc_raw_html]W3dvbmRlcnBsdWdpbl9jYXJvdXNlbCBpZD0iMTA0Il0=[\/vc_raw_html][\/vc_column][\/vc_row][vc_row type=\u00a0\u00bbfull_width_section\u00a0\u00bb bg_color=\u00a0\u00bb#707365&Prime; class=\u00a0\u00bbdesktop_only\u00a0\u00bb][vc_column column_padding=\u00a0\u00bbpadding-4&Prime; column_center=\u00a0\u00bbtrue\u00a0\u00bb width=\u00a0\u00bb1\/2&Prime;][vc_column_text]<\/p>\n<h1 style=\"color: white !important; text-align: left;\">Le sens de l&rsquo;\u00e9merveillement<\/h1>\n<h2 class=\"ceconi_White_NG_title\" style=\"text-align: left;\">CHEF-D&rsquo;\u0152UVRE D&rsquo;ARCHITECTURE \u00c9CLECTIQUE DEPUIS 1800. AUJOURD&rsquo;HUI AVEC UNE NOUVELLE SAVEUR ENTRE LE CONTEMPORAIN ET LE CLASSIQUE.<\/h2>\n<p class=\"ceconi_White_NG\">Un imposant manoir n\u00e9ogothique nich\u00e9 dans les montagnes. Symbole d&rsquo;ing\u00e9niosit\u00e9, d&rsquo;hier et d&rsquo;aujourd&rsquo;hui, le ch\u00e2teau de Ceconi est situ\u00e9 dans la for\u00eat de Ceconi. Il s&rsquo;agit de la derni\u00e8re construction de Giacomo Ceconi, c\u00e9l\u00e8bre pour avoir \u00e9t\u00e9 l&rsquo;un des plus importants constructeurs de chemins de fer et de routes de l&rsquo;Empire austro-hongrois.<\/p>\n<p>[\/vc_column_text][\/vc_column][vc_column column_padding=\u00a0\u00bbpadding-4&Prime; text_align=\u00a0\u00bbright\u00a0\u00bb width=\u00a0\u00bb1\/2&Prime;][vc_column_text el_class=\u00a0\u00bbceconi_White_NG\u00a0\u00bb]<\/p>\n<p style=\"text-align: right; color: white!important;\">PIELUNGO &#8211; VAL D&rsquo;ARZINO<\/p>\n<p>[\/vc_column_text][vc_raw_html]PHZpZGVvIGF1dG9wbGF5PSJhdXRvcGxheSIgbXV0ZWQ9IiIgY29udHJvbHM9ImNvbnRyb2xzIiB3aWR0aD0iMTAwMCIgaGVpZ2h0PSIxNTAiPg0KPHNvdXJjZSBzcmM9Imh0dHBzOi8vd3d3LmdyYXBoaXN0dWRpby5jb20vd3AtY29udGVudC91cGxvYWRzLzIwMjIvMDMvY2Vjb25pXzAxYS5tcDQiIHR5cGU9InZpZGVvL21wNCIgLz5Tb3JyeSwgeW91ciBicm93c2VyIGRvZXNuJ3Qgc3VwcG9ydCBlbWJlZGRlZCB2aWRlb3MuDQo8L3ZpZGVvPg==[\/vc_raw_html][\/vc_column][\/vc_row][vc_row type=\u00a0\u00bbfull_width_section\u00a0\u00bb bg_color=\u00a0\u00bb#707365&Prime; class=\u00a0\u00bbmobile_only\u00a0\u00bb][vc_column column_padding=\u00a0\u00bbpadding-8&Prime; column_center=\u00a0\u00bbtrue\u00a0\u00bb width=\u00a0\u00bb1\/2&Prime;][vc_column_text]<\/p>\n<h1 style=\"color: white !important; text-align: left;\">Le sens de l&rsquo;\u00e9merveillement<\/h1>\n<h2 class=\"ceconi_White_NG_title\" style=\"text-align: left;\">CHEF-D&rsquo;\u0152UVRE D&rsquo;ARCHITECTURE \u00c9CLECTIQUE DEPUIS 1800. AUJOURD&rsquo;HUI AVEC UNE NOUVELLE SAVEUR ENTRE LE CONTEMPORAIN ET LE CLASSIQUE.<\/h2>\n<p class=\"ceconi_White_NG\">Un imposant manoir n\u00e9ogothique nich\u00e9 dans les montagnes. Symbole d&rsquo;ing\u00e9niosit\u00e9, d&rsquo;hier et d&rsquo;aujourd&rsquo;hui, le ch\u00e2teau de Ceconi est situ\u00e9 dans la for\u00eat de Ceconi. Il s&rsquo;agit de la derni\u00e8re construction de Giacomo Ceconi, c\u00e9l\u00e8bre pour avoir \u00e9t\u00e9 l&rsquo;un des plus importants constructeurs de chemins de fer et de routes de l&rsquo;Empire austro-hongrois.<\/p>\n<p>[\/vc_column_text][\/vc_column][vc_column column_padding=\u00a0\u00bbpadding-4&Prime; text_align=\u00a0\u00bbright\u00a0\u00bb width=\u00a0\u00bb1\/2&Prime;][vc_column_text el_class=\u00a0\u00bbceconi_White_NG\u00a0\u00bb]<\/p>\n<p style=\"text-align: right; color: white!important;\">PIELUNGO &#8211; VAL D&rsquo;ARZINO<\/p>\n<p>[\/vc_column_text][vc_raw_html]PHZpZGVvIGF1dG9wbGF5PSJhdXRvcGxheSIgbXV0ZWQ9IiIgY29udHJvbHM9ImNvbnRyb2xzIiB3aWR0aD0iMTAwJSIgaGVpZ2h0PSIxNTAiPg0KPHNvdXJjZSBzcmM9Imh0dHBzOi8vd3d3LmdyYXBoaXN0dWRpby5jb20vd3AtY29udGVudC91cGxvYWRzLzIwMjIvMDMvY2Vjb25pXzAxYS5tcDQiIHR5cGU9InZpZGVvL21wNCIgLz5Tb3JyeSwgeW91ciBicm93c2VyIGRvZXNuJ3Qgc3VwcG9ydCBlbWJlZGRlZCB2aWRlb3MuDQo8L3ZpZGVvPg==[\/vc_raw_html][\/vc_column][\/vc_row][vc_row type=\u00a0\u00bbfull_width_section\u00a0\u00bb top_padding=\u00a0\u00bb40&Prime; bottom_padding=\u00a0\u00bb40&Prime;][vc_column column_padding=\u00a0\u00bbpadding-4&Prime; width=\u00a0\u00bb1\/2&Prime;][vc_column_text]<\/p>\n<h3 style=\"text-align: left;\">Ch\u00e2teau Ceconi<\/h3>\n<h2 style=\"text-align: left;\">Une perle dans les Dolomites<\/h2>\n<p style=\"text-align: left; font-size: 16px;\">Propri\u00e9t\u00e9 historique situ\u00e9e au c\u0153ur des Dolomites, en Italie du Nord, dans la vall\u00e9e de Pielungo. Construit par le comte Giacomo Ceconi, l&rsquo;un des ing\u00e9nieurs les plus influents du XIXe si\u00e8cle, le ch\u00e2teau est une oasis de paix, au milieu de la vall\u00e9e, entour\u00e9 de nature et d&rsquo;espaces sauvages. R\u00e9nov\u00e9 par Graphistudio, le ch\u00e2teau de Ceconi est aujourd&rsquo;hui la maison internationale de tous les photographes, accueillant chaque ann\u00e9e des centaines d&rsquo;ateliers et de conf\u00e9rences sur la photographie. La propri\u00e9t\u00e9 est \u00e9galement disponible pour des mariages exclusifs et s\u00e9lectionn\u00e9s, des retraites et des \u00e9v\u00e9nements d&rsquo;entreprise.<\/p>\n<p>[\/vc_column_text][\/vc_column][vc_column column_center=\u00a0\u00bbtrue\u00a0\u00bb width=\u00a0\u00bb1\/2&Prime;][vc_raw_html]W3dvbmRlcnBsdWdpbl90YWJzIGlkPTQ0XQ==[\/vc_raw_html][\/vc_column][\/vc_row][vc_row type=\u00a0\u00bbfull_width_section\u00a0\u00bb][vc_column width=\u00a0\u00bb1\/1&Prime;][vc_raw_html]W2h0cG9zdGNvbnRlbnQgaWQ9NjY0OTZd[\/vc_raw_html][\/vc_column][\/vc_row]<\/p>\n<\/div>","protected":false},"excerpt":{"rendered":"<p>[vc_row type=\u00a0\u00bbfull_width_section\u00a0\u00bb top_padding=\u00a0\u00bb40&Prime; bottom_padding=\u00a0\u00bb40&Prime;][vc_column width=\u00a0\u00bb1\/3&Prime;][\/vc_column][vc_column column_center=\u00a0\u00bbtrue\u00a0\u00bb width=\u00a0\u00bb1\/3&Prime;][\/vc_column][vc_column column_center=\u00a0\u00bbtrue\u00a0\u00bb width=\u00a0\u00bb1\/3&Prime;][\/vc_column][\/vc_row][vc_row bg_image=\u00a0\u00bb52173&Prime; full_height=\u00a0\u00bbtrue\u00a0\u00bb][vc_column animation=\u00a0\u00bbfade-in\u00a0\u00bb width=\u00a0\u00bb1\/1&Prime;][\/vc_column][\/vc_row][vc_row top_padding=\u00a0\u00bb40&Prime; bottom_padding=\u00a0\u00bb40&Prime; class=\u00a0\u00bbceconi_box\u00a0\u00bb][vc_column el_class=\u00a0\u00bbceconi_box\u00a0\u00bb bg_color=\u00a0\u00bb#707365&Prime; column_padding=\u00a0\u00bbcustom-padding\u00a0\u00bb column_custompadding=\u00a0\u00bb200px 0px 200px 0px\u00a0\u00bb width=\u00a0\u00bb1\/3&Prime;][vc_column_text] ACCADEMIA CECONI &nbsp; GRAPHISTUDIO \u00c9DUCATION \u00a0\u00bb Une maison pour tous les photographes\u00a0\u00bb [\/vc_column_text][\/vc_column][vc_column el_class=\u00a0\u00bbceconi_box\u00a0\u00bb bg_color=\u00a0\u00bb#707365&Prime; column_center=\u00a0\u00bbtrue\u00a0\u00bb width=\u00a0\u00bb1\/3&Prime;][vc_column_text] RETRAITS &amp; ATELIERS &nbsp; Vous pr\u00e9parez une retraite ou un atelier ? Rencontrez-nous dans ce sanctuaire de paix et de gr\u00e2ce. [\/vc_column_text][\/vc_column][vc_column el_class=\u00a0\u00bbceconi_box\u00a0\u00bb bg_color=\u00a0\u00bb#707365&Prime; column_center=\u00a0\u00bbtrue\u00a0\u00bb width=\u00a0\u00bb1\/3&Prime;][vc_column_text] \u00c9V\u00c9NEMENTS PRIV\u00c9S &amp; R\u00c9SIDENCE D&rsquo;ARTISTES &nbsp; Le ch\u00e2teau Ceconi rend vos \u00e9v\u00e9nements uniques et sp\u00e9ciaux, entour\u00e9 d&rsquo;un paysage naturel d&rsquo;une beaut\u00e9 extraordinaire. [\/vc_column_text][\/vc_column][\/vc_row][vc_row type=\u00a0\u00bbfull_width_section\u00a0\u00bb][vc_column bg_color=\u00a0\u00bb#f4f5f0&Prime; width=\u00a0\u00bb1\/2&Prime;][\/vc_column][vc_column column_padding=\u00a0\u00bbpadding-4&Prime; column_center=\u00a0\u00bbtrue\u00a0\u00bb width=\u00a0\u00bb1\/2&Prime;][vc_column_text el_class=\u00a0\u00bbceconi_TEXT_NG\u00a0\u00bb] UN SANCTUAIRE DE PAIX FAIT POUR PARTAGER DES CONNAISSANCES, DES EXP\u00c9RIENCES ET DES MOMENTS. CONTACTEZ-NOUS POUR PARTICIPER AUX \u00c9V\u00c9NEMENTS \u00c0 VENIR OU POUR ORGANISER LE V\u00d4TRE ! [\/vc_column_text][vc_column_text] \u00c9V\u00c9NEMENTS \u00c0 VENIR EN COLLABORATION AVEC FEARLESS PHOTOGRAPHERS PROCHAINEMENT &nbsp; RANGEFINDER PROCHAINEMENT &nbsp; WORD PHOTOGRAPHY CUP PROCHAINEMENT &nbsp; IMAGEN AI PROCHAINEMENT [\/vc_column_text][\/vc_column][\/vc_row][vc_row type=\u00a0\u00bbfull_width_section\u00a0\u00bb top_padding=\u00a0\u00bb40&Prime; bottom_padding=\u00a0\u00bb40&Prime;][vc_column text_align=\u00a0\u00bbcenter\u00a0\u00bb width=\u00a0\u00bb1\/1&Prime;][vc_raw_html]W3dvbmRlcnBsdWdpbl9jYXJvdXNlbCBpZD0iMTA0Il0=[\/vc_raw_html][\/vc_column][\/vc_row][vc_row type=\u00a0\u00bbfull_width_section\u00a0\u00bb bg_color=\u00a0\u00bb#707365&Prime; class=\u00a0\u00bbdesktop_only\u00a0\u00bb][vc_column column_padding=\u00a0\u00bbpadding-4&Prime; column_center=\u00a0\u00bbtrue\u00a0\u00bb width=\u00a0\u00bb1\/2&Prime;][vc_column_text] Le sens de l&rsquo;\u00e9merveillement CHEF-D&rsquo;\u0152UVRE D&rsquo;ARCHITECTURE \u00c9CLECTIQUE DEPUIS 1800. AUJOURD&rsquo;HUI AVEC UNE NOUVELLE SAVEUR ENTRE LE CONTEMPORAIN ET LE CLASSIQUE. Un imposant manoir n\u00e9ogothique nich\u00e9 dans les montagnes. Symbole d&rsquo;ing\u00e9niosit\u00e9, d&rsquo;hier et d&rsquo;aujourd&rsquo;hui, le ch\u00e2teau de Ceconi est situ\u00e9 dans la for\u00eat [&hellip;]<\/p>\n","protected":false},"author":8,"featured_media":0,"parent":53190,"menu_order":0,"comment_status":"closed","ping_status":"closed","template":"","meta":{"cybocfi_hide_featured_image":"","footnotes":""},"class_list":["post-53409","page","type-page","status-publish","hentry"],"yoast_head":"<!-- This site is optimized with the Yoast SEO plugin v26.7 - https:\/\/yoast.com\/wordpress\/plugins\/seo\/ -->\n<title>Ch\u00e2teau Ceconi - Graphistudio<\/title>\n<meta name=\"description\" content=\"&quot;Une maison pour tous les photographes&quot;, un sanctuaire de paix fait pour partager des connaissances, des exp\u00e9riences et des moments, entour\u00e9 d&#039;un paysage naturel.\" \/>\n<meta name=\"robots\" content=\"index, follow, max-snippet:-1, max-image-preview:large, max-video-preview:-1\" \/>\n<link rel=\"canonical\" href=\"https:\/\/www.graphistudio.com\/fr\/accademia-ceconi\/castle-ceconi\/\" \/>\n<meta property=\"og:locale\" content=\"fr_FR\" \/>\n<meta property=\"og:type\" content=\"article\" \/>\n<meta property=\"og:title\" content=\"Ch\u00e2teau Ceconi\" \/>\n<meta property=\"og:description\" content=\"&quot;Une maison pour tous les photographes&quot;, un sanctuaire de paix fait pour partager des connaissances, des exp\u00e9riences et des moments, entour\u00e9 d&#039;un paysage naturel.\" \/>\n<meta property=\"og:url\" content=\"https:\/\/www.graphistudio.com\/fr\/accademia-ceconi\/castle-ceconi\/\" \/>\n<meta property=\"og:site_name\" content=\"Graphistudio\" \/>\n<meta property=\"article:modified_time\" content=\"2023-09-19T07:50:53+00:00\" \/>\n<meta property=\"og:image\" content=\"https:\/\/www.graphistudio.com\/wp-content\/uploads\/2018\/01\/castle_1.jpg\" \/>\n<meta name=\"twitter:card\" content=\"summary_large_image\" \/>\n<meta name=\"twitter:title\" content=\"Ch\u00e2teau Ceconi\" \/>\n<meta name=\"twitter:description\" content=\"&quot;Une maison pour tous les photographes&quot;, un sanctuaire de paix fait pour partager des connaissances, des exp\u00e9riences et des moments, entour\u00e9 d&#039;un paysage naturel.\" \/>\n<meta name=\"twitter:image\" content=\"https:\/\/www.graphistudio.com\/wp-content\/uploads\/2018\/01\/castle_1.jpg\" \/>\n<meta name=\"twitter:label1\" content=\"Dur\u00e9e de lecture estim\u00e9e\" \/>\n\t<meta name=\"twitter:data1\" content=\"5 minutes\" \/>\n<script type=\"application\/ld+json\" class=\"yoast-schema-graph\">{\"@context\":\"https:\/\/schema.org\",\"@graph\":[{\"@type\":\"WebPage\",\"@id\":\"https:\/\/www.graphistudio.com\/fr\/accademia-ceconi\/castle-ceconi\/\",\"url\":\"https:\/\/www.graphistudio.com\/fr\/accademia-ceconi\/castle-ceconi\/\",\"name\":\"Ch\u00e2teau Ceconi - Graphistudio\",\"isPartOf\":{\"@id\":\"https:\/\/www.graphistudio.com\/it\/#website\"},\"datePublished\":\"2022-06-09T14:33:37+00:00\",\"dateModified\":\"2023-09-19T07:50:53+00:00\",\"description\":\"\\\"Une maison pour tous les photographes\\\", un sanctuaire de paix fait pour partager des connaissances, des exp\u00e9riences et des moments, entour\u00e9 d'un paysage naturel.\",\"breadcrumb\":{\"@id\":\"https:\/\/www.graphistudio.com\/fr\/accademia-ceconi\/castle-ceconi\/#breadcrumb\"},\"inLanguage\":\"fr-FR\",\"potentialAction\":[{\"@type\":\"ReadAction\",\"target\":[\"https:\/\/www.graphistudio.com\/fr\/accademia-ceconi\/castle-ceconi\/\"]}]},{\"@type\":\"BreadcrumbList\",\"@id\":\"https:\/\/www.graphistudio.com\/fr\/accademia-ceconi\/castle-ceconi\/#breadcrumb\",\"itemListElement\":[{\"@type\":\"ListItem\",\"position\":1,\"name\":\"Home\",\"item\":\"https:\/\/www.graphistudio.com\/fr\/\"},{\"@type\":\"ListItem\",\"position\":2,\"name\":\"Accademia Ceconi\",\"item\":\"https:\/\/www.graphistudio.com\/fr\/accademia-ceconi\/\"},{\"@type\":\"ListItem\",\"position\":3,\"name\":\"Ch\u00e2teau Ceconi\"}]},{\"@type\":\"WebSite\",\"@id\":\"https:\/\/www.graphistudio.com\/it\/#website\",\"url\":\"https:\/\/www.graphistudio.com\/it\/\",\"name\":\"Graphistudio\",\"description\":\"Handmade books made in Italy\",\"publisher\":{\"@id\":\"https:\/\/www.graphistudio.com\/it\/#organization\"},\"potentialAction\":[{\"@type\":\"SearchAction\",\"target\":{\"@type\":\"EntryPoint\",\"urlTemplate\":\"https:\/\/www.graphistudio.com\/it\/?s={search_term_string}\"},\"query-input\":{\"@type\":\"PropertyValueSpecification\",\"valueRequired\":true,\"valueName\":\"search_term_string\"}}],\"inLanguage\":\"fr-FR\"},{\"@type\":\"Organization\",\"@id\":\"https:\/\/www.graphistudio.com\/it\/#organization\",\"name\":\"Graphistudio\",\"url\":\"https:\/\/www.graphistudio.com\/it\/\",\"logo\":{\"@type\":\"ImageObject\",\"inLanguage\":\"fr-FR\",\"@id\":\"https:\/\/www.graphistudio.com\/it\/#\/schema\/logo\/image\/\",\"url\":\"https:\/\/www.graphistudio.com\/wp-content\/uploads\/2018\/01\/Logo_nero.png\",\"contentUrl\":\"https:\/\/www.graphistudio.com\/wp-content\/uploads\/2018\/01\/Logo_nero.png\",\"width\":160,\"height\":34,\"caption\":\"Graphistudio\"},\"image\":{\"@id\":\"https:\/\/www.graphistudio.com\/it\/#\/schema\/logo\/image\/\"}}]}<\/script>\n<!-- \/ Yoast SEO plugin. -->","yoast_head_json":{"title":"Ch\u00e2teau Ceconi - Graphistudio","description":"\"Une maison pour tous les photographes\", un sanctuaire de paix fait pour partager des connaissances, des exp\u00e9riences et des moments, entour\u00e9 d'un paysage naturel.","robots":{"index":"index","follow":"follow","max-snippet":"max-snippet:-1","max-image-preview":"max-image-preview:large","max-video-preview":"max-video-preview:-1"},"canonical":"https:\/\/www.graphistudio.com\/fr\/accademia-ceconi\/castle-ceconi\/","og_locale":"fr_FR","og_type":"article","og_title":"Ch\u00e2teau Ceconi","og_description":"\"Une maison pour tous les photographes\", un sanctuaire de paix fait pour partager des connaissances, des exp\u00e9riences et des moments, entour\u00e9 d'un paysage naturel.","og_url":"https:\/\/www.graphistudio.com\/fr\/accademia-ceconi\/castle-ceconi\/","og_site_name":"Graphistudio","article_modified_time":"2023-09-19T07:50:53+00:00","og_image":[{"url":"https:\/\/www.graphistudio.com\/wp-content\/uploads\/2018\/01\/castle_1.jpg","type":"","width":"","height":""}],"twitter_card":"summary_large_image","twitter_title":"Ch\u00e2teau Ceconi","twitter_description":"\"Une maison pour tous les photographes\", un sanctuaire de paix fait pour partager des connaissances, des exp\u00e9riences et des moments, entour\u00e9 d'un paysage naturel.","twitter_image":"https:\/\/www.graphistudio.com\/wp-content\/uploads\/2018\/01\/castle_1.jpg","twitter_misc":{"Dur\u00e9e de lecture estim\u00e9e":"5 minutes"},"schema":{"@context":"https:\/\/schema.org","@graph":[{"@type":"WebPage","@id":"https:\/\/www.graphistudio.com\/fr\/accademia-ceconi\/castle-ceconi\/","url":"https:\/\/www.graphistudio.com\/fr\/accademia-ceconi\/castle-ceconi\/","name":"Ch\u00e2teau Ceconi - Graphistudio","isPartOf":{"@id":"https:\/\/www.graphistudio.com\/it\/#website"},"datePublished":"2022-06-09T14:33:37+00:00","dateModified":"2023-09-19T07:50:53+00:00","description":"\"Une maison pour tous les photographes\", un sanctuaire de paix fait pour partager des connaissances, des exp\u00e9riences et des moments, entour\u00e9 d'un paysage naturel.","breadcrumb":{"@id":"https:\/\/www.graphistudio.com\/fr\/accademia-ceconi\/castle-ceconi\/#breadcrumb"},"inLanguage":"fr-FR","potentialAction":[{"@type":"ReadAction","target":["https:\/\/www.graphistudio.com\/fr\/accademia-ceconi\/castle-ceconi\/"]}]},{"@type":"BreadcrumbList","@id":"https:\/\/www.graphistudio.com\/fr\/accademia-ceconi\/castle-ceconi\/#breadcrumb","itemListElement":[{"@type":"ListItem","position":1,"name":"Home","item":"https:\/\/www.graphistudio.com\/fr\/"},{"@type":"ListItem","position":2,"name":"Accademia Ceconi","item":"https:\/\/www.graphistudio.com\/fr\/accademia-ceconi\/"},{"@type":"ListItem","position":3,"name":"Ch\u00e2teau Ceconi"}]},{"@type":"WebSite","@id":"https:\/\/www.graphistudio.com\/it\/#website","url":"https:\/\/www.graphistudio.com\/it\/","name":"Graphistudio","description":"Handmade books made in Italy","publisher":{"@id":"https:\/\/www.graphistudio.com\/it\/#organization"},"potentialAction":[{"@type":"SearchAction","target":{"@type":"EntryPoint","urlTemplate":"https:\/\/www.graphistudio.com\/it\/?s={search_term_string}"},"query-input":{"@type":"PropertyValueSpecification","valueRequired":true,"valueName":"search_term_string"}}],"inLanguage":"fr-FR"},{"@type":"Organization","@id":"https:\/\/www.graphistudio.com\/it\/#organization","name":"Graphistudio","url":"https:\/\/www.graphistudio.com\/it\/","logo":{"@type":"ImageObject","inLanguage":"fr-FR","@id":"https:\/\/www.graphistudio.com\/it\/#\/schema\/logo\/image\/","url":"https:\/\/www.graphistudio.com\/wp-content\/uploads\/2018\/01\/Logo_nero.png","contentUrl":"https:\/\/www.graphistudio.com\/wp-content\/uploads\/2018\/01\/Logo_nero.png","width":160,"height":34,"caption":"Graphistudio"},"image":{"@id":"https:\/\/www.graphistudio.com\/it\/#\/schema\/logo\/image\/"}}]}},"_links":{"self":[{"href":"https:\/\/www.graphistudio.com\/fr\/wp-json\/wp\/v2\/pages\/53409","targetHints":{"allow":["GET"]}}],"collection":[{"href":"https:\/\/www.graphistudio.com\/fr\/wp-json\/wp\/v2\/pages"}],"about":[{"href":"https:\/\/www.graphistudio.com\/fr\/wp-json\/wp\/v2\/types\/page"}],"author":[{"embeddable":true,"href":"https:\/\/www.graphistudio.com\/fr\/wp-json\/wp\/v2\/users\/8"}],"replies":[{"embeddable":true,"href":"https:\/\/www.graphistudio.com\/fr\/wp-json\/wp\/v2\/comments?post=53409"}],"version-history":[{"count":17,"href":"https:\/\/www.graphistudio.com\/fr\/wp-json\/wp\/v2\/pages\/53409\/revisions"}],"predecessor-version":[{"id":66499,"href":"https:\/\/www.graphistudio.com\/fr\/wp-json\/wp\/v2\/pages\/53409\/revisions\/66499"}],"up":[{"embeddable":true,"href":"https:\/\/www.graphistudio.com\/fr\/wp-json\/wp\/v2\/pages\/53190"}],"wp:attachment":[{"href":"https:\/\/www.graphistudio.com\/fr\/wp-json\/wp\/v2\/media?parent=53409"}],"curies":[{"name":"wp","href":"https:\/\/api.w.org\/{rel}","templated":true}]}}